{"id":380,"date":"2015-06-25T09:04:43","date_gmt":"2015-06-25T09:04:43","guid":{"rendered":"https:\/\/www.3dnatives.com\/es\/?post_type=tribe_events&#038;p=380"},"modified":"2020-06-17T15:12:45","modified_gmt":"2020-06-17T13:12:45","slug":"rural-print3d-muestra-rural-de-impresion-3d","status":"publish","type":"ntv_events","link":"https:\/\/www.3dnatives.com\/es\/eventos\/rural-print3d-muestra-rural-de-impresion-3d\/","title":{"rendered":"Rural print3D : Muestra rural de impresi\u00f3n 3D"},"content":{"rendered":"<p style=\"text-align: justify\">La primera\u00a0muestra rural de impresi\u00f3n 3D \u00a0se\u00a0celebrar\u00e1 en<strong> Trujillo<\/strong> durante los d\u00edas <strong>26 y 27 de junio.\u00a0<\/strong><\/p>\n<p style=\"text-align: justify\">Ent\u00e9rate de c\u00f3mo funciona la tecnolog\u00eda, las\u00a0\u00a0herramientas,\u00a0el\u00a0software y dem\u00e1s en este espacio abierto.<\/p>\n<p style=\"text-align: justify\">Las jornadas se celebrar\u00e1n en el Palacio Barrantes-Cervantes de Trujillo, en\u00a0Plaza de San Miguel, 1.<\/p><div class=\"dnati-inside_content\" id=\"dnati-3299659984\"><a data-no-instant=\"1\" href=\"https:\/\/app.swapcard.com\/event\/additiv-defense-2026\" rel=\"noopener\" class=\"a2t-link\" aria-label=\"LB (4)\"><img loading=\"lazy\" decoding=\"async\" src=\"https:\/\/www.3dnatives.com\/es\/wp-content\/uploads\/sites\/4\/LB-4-1.gif\" alt=\"\"  width=\"850\" height=\"150\"   \/><\/a><\/div>\n<p><strong>M\u00e1s informaci\u00f3n <a href=\"http:\/\/www.adicomt.com\/ruralprint3d\/\" target=\"_blank\" rel=\"noopener noreferrer\">AQU\u00cd<\/a>.\u00a0<\/strong><\/p>\n<p>&nbsp;<\/p>\n<p>&nbsp;<\/p>\n","protected":false},"excerpt":{"rendered":"<p>La primera\u00a0muestra rural de impresi\u00f3n 3D \u00a0se\u00a0celebrar\u00e1 en Trujillo durante los d\u00edas 26 y 27 de junio.\u00a0 Ent\u00e9rate de c\u00f3mo funciona la tecnolog\u00eda, las\u00a0\u00a0herramientas,\u00a0el\u00a0software y dem\u00e1s en este espacio abierto. Las jornadas se celebrar\u00e1n en el Palacio Barrantes-Cervantes de Trujillo,&hellip;<\/p>\n","protected":false},"featured_media":381,"template":"","ntv_event_cat":[20],"ntv_organizer":[],"class_list":["post-380","ntv_events","type-ntv_events","status-publish","has-post-thumbnail","hentry","ntv_event_cat-exposicion"],"acf":[],"_links":{"self":[{"href":"https:\/\/www.3dnatives.com\/es\/wp-json\/wp\/v2\/ntv_events\/380","targetHints":{"allow":["GET"]}}],"collection":[{"href":"https:\/\/www.3dnatives.com\/es\/wp-json\/wp\/v2\/ntv_events"}],"about":[{"href":"https:\/\/www.3dnatives.com\/es\/wp-json\/wp\/v2\/types\/ntv_events"}],"wp:featuredmedia":[{"embeddable":true,"href":"https:\/\/www.3dnatives.com\/es\/wp-json\/wp\/v2\/media\/381"}],"wp:attachment":[{"href":"https:\/\/www.3dnatives.com\/es\/wp-json\/wp\/v2\/media?parent=380"}],"wp:term":[{"taxonomy":"ntv_event_cat","embeddable":true,"href":"https:\/\/www.3dnatives.com\/es\/wp-json\/wp\/v2\/ntv_event_cat?post=380"},{"taxonomy":"ntv_organizer","embeddable":true,"href":"https:\/\/www.3dnatives.com\/es\/wp-json\/wp\/v2\/ntv_organizer?post=380"}],"curies":[{"name":"wp","href":"https:\/\/api.w.org\/{rel}","templated":true}]}}