{"id":1251,"date":"2015-09-15T10:58:37","date_gmt":"2015-09-15T08:58:37","guid":{"rendered":"https:\/\/www.3dnatives.com\/es\/"},"modified":"2020-06-17T15:12:45","modified_gmt":"2020-06-17T13:12:45","slug":"aitiip-centro-tecnologico-organiza-una-jornada-tecnica-y-demostrativa-sobre-escaneo-tridimensional-e-impresion-3d","status":"publish","type":"ntv_events","link":"https:\/\/www.3dnatives.com\/es\/eventos\/aitiip-centro-tecnologico-organiza-una-jornada-tecnica-y-demostrativa-sobre-escaneo-tridimensional-e-impresion-3d\/","title":{"rendered":"Aitiip Centro Tecnol\u00f3gico organiza una jornada t\u00e9cnica y demostrativa sobre escaneo tridimensional e impresi\u00f3n 3D"},"content":{"rendered":"<div id=\"part1148958\" class=\"P2\">\n<p><a href=\"http:\/\/www.aitiip.com\/\" target=\"_blank\" rel=\"noopener noreferrer\">Aitiip Centro Tecnol\u00f3gico<\/a> ha organizado una jornada t\u00e9cnica y demostrativa sobre escaneo tridimensional e impresi\u00f3n 3D. Esta jornada, cuya inscripci\u00f3n es gratuita, se celebrar\u00e1 el 15 de septiembre y tiene como objetivo mostrar a los participantes las posibilidades que ofrece la tecnolog\u00edas de escaneado e impresi\u00f3n 3D en el contexto industrial, para ayudarlos a responder a vuestra problem\u00e1tica de ingenier\u00eda inversa e impresi\u00f3n 3D. Esta jornada t\u00e9cnica alterna presentaciones y talleres pr\u00e1cticos sobre la manipulaci\u00f3n de los productos.<\/p>\n<\/div>\n<div id=\"part1148959\" class=\"P2\">\n<p><strong>Agenda:<\/strong><\/p>\n<p>9.30. Inauguraci\u00f3n y presentaci\u00f3n. Aitiip Centro Tecnol\u00f3gico, desde la idea al producto. Berta Gonzalvo.Directora de Investigaci\u00f3n de Aitiip Centro Tecnol\u00f3gico.<\/p><div class=\"dnati-inside_content\" id=\"dnati-3995539622\"><a data-no-instant=\"1\" href=\"https:\/\/app.swapcard.com\/event\/additiv-defense-2026\" rel=\"noopener\" class=\"a2t-link\" aria-label=\"LB (4)\"><img loading=\"lazy\" decoding=\"async\" src=\"https:\/\/www.3dnatives.com\/es\/wp-content\/uploads\/sites\/4\/LB-4-1.gif\" alt=\"\"  width=\"850\" height=\"150\"   \/><\/a><\/div>\n<p>10.00. Escaneo y digitalizado 3D. La tecnolog\u00eda de Faro EdgeScanArm HD. Presentaci\u00f3n de la empresa y sus productos en general Presentaci\u00f3n del sistema Faro EdgeScanArm HD y de sus aplicaciones. Leonardo Marques. Metrology Business Manager. Faro.<\/p>\n<p>10.40. Fabricaci\u00f3n Aditiva de gran tama\u00f1o: Fortus 900mc y Objet1000 Plus Stratasys. Presentaci\u00f3n del sistema.Elena Terraz.Product Manager &amp; Sales Support Manager EMEA.Stratasys. Aplicaciones y casos de \u00e9xito. Inma Vazquez. Sales Manager Iberia. Stratasys.<\/p>\n<p>11.30. Caf\u00e9<\/p>\n<p>12.00.Taller demostrativo escaneado 3D. FAROEdgeScanArm HD.\u00a0 Se pueden llevar piezas para realizar mediciones.<\/p>\n<p>12.30. Taller demostrativo Impresi\u00f3n 3D Stratasys \u2013 Aitiip.<\/p>\n<\/div>\n","protected":false},"excerpt":{"rendered":"<p>Aitiip Centro Tecnol\u00f3gico ha organizado una jornada t\u00e9cnica y demostrativa sobre escaneo tridimensional e impresi\u00f3n 3D. Esta jornada, cuya inscripci\u00f3n es gratuita, se celebrar\u00e1 el 15 de septiembre y tiene como objetivo mostrar a los participantes las posibilidades que ofrece&hellip;<\/p>\n","protected":false},"featured_media":0,"template":"","ntv_event_cat":[19,20,25],"ntv_organizer":[],"class_list":["post-1251","ntv_events","type-ntv_events","status-publish","hentry","ntv_event_cat-conferencia","ntv_event_cat-exposicion","ntv_event_cat-meetup"],"acf":[],"_links":{"self":[{"href":"https:\/\/www.3dnatives.com\/es\/wp-json\/wp\/v2\/ntv_events\/1251","targetHints":{"allow":["GET"]}}],"collection":[{"href":"https:\/\/www.3dnatives.com\/es\/wp-json\/wp\/v2\/ntv_events"}],"about":[{"href":"https:\/\/www.3dnatives.com\/es\/wp-json\/wp\/v2\/types\/ntv_events"}],"wp:attachment":[{"href":"https:\/\/www.3dnatives.com\/es\/wp-json\/wp\/v2\/media?parent=1251"}],"wp:term":[{"taxonomy":"ntv_event_cat","embeddable":true,"href":"https:\/\/www.3dnatives.com\/es\/wp-json\/wp\/v2\/ntv_event_cat?post=1251"},{"taxonomy":"ntv_organizer","embeddable":true,"href":"https:\/\/www.3dnatives.com\/es\/wp-json\/wp\/v2\/ntv_organizer?post=1251"}],"curies":[{"name":"wp","href":"https:\/\/api.w.org\/{rel}","templated":true}]}}