{"id":42668,"date":"2022-11-29T09:37:42","date_gmt":"2022-11-29T08:37:42","guid":{"rendered":"https:\/\/www.3dnatives.com\/de\/?post_type=ntv_events&#038;p=42668"},"modified":"2022-11-29T09:37:42","modified_gmt":"2022-11-29T08:37:42","slug":"swiss-plastics-expo","status":"publish","type":"ntv_events","link":"https:\/\/www.3dnatives.com\/de\/veranstaltungen\/swiss-plastics-expo\/","title":{"rendered":"Swiss Plastics Expo"},"content":{"rendered":"<p style=\"text-align: justify;\">Die Swiss Plastics Expo ist\u00a0die Fachmesse und das Symposium f\u00fcr alle, die mit Kunststoff arbeiten.\u00a0Sie bietet abgestimmt\u00a0Inspiration, Weiterbildung und Netzwerk\u00a0und richtet sich an Expertinnen und Experten aus verschiedenen\u00a0Anwendungsbereichen\u00a0\u2013 von der Automobilindustrie \u00fcber Maschinenbau bis zu Medizin.<\/p>\n<p style=\"text-align: justify;\">Rund\u00a0200 namhafte Aussteller\u00a0aus dem In- und Ausland\u00a0pr\u00e4sentieren ihre ganzheitlichen L\u00f6sungen f\u00fcr eine nachhaltige, effiziente, moderne und anspruchsvolle Fertigung. Somit vereint die Swiss Plastics Expo w\u00e4hrend drei Tagen\u00a0die gesamte Wertsch\u00f6pfungskette der Schweizer Kunststoffindustrie unter einem Dach.<\/p>\n<p style=\"text-align: justify;\">Die Swiss Plastics Expo greift\u00a0die wichtigsten\u00a0Themen\u00a0der Kunststoffindustrie auf.\u00a0Aussteller, interessante Beitr\u00e4ge zu Produkten, Dienstleistungen und L\u00f6sungen sowie spannende Vortr\u00e4ge sind nach diesen Themen strukturiert. Damit finden die Besuchenden schnell und einfach die richtigen Anregungen und L\u00f6sungen.<\/p>\n","protected":false},"excerpt":{"rendered":"<p>Die Swiss Plastics Expo ist\u00a0die Fachmesse und das Symposium f\u00fcr alle, die mit Kunststoff arbeiten.\u00a0Sie bietet abgestimmt\u00a0Inspiration, Weiterbildung und Netzwerk\u00a0und richtet sich an Expertinnen und Experten aus verschiedenen\u00a0Anwendungsbereichen\u00a0\u2013 von der Automobilindustrie \u00fcber Maschinenbau bis zu Medizin. Rund\u00a0200 namhafte Aussteller\u00a0aus dem&hellip;<\/p>\n","protected":false},"featured_media":42669,"template":"","ntv_event_cat":[26],"ntv_organizer":[235],"class_list":["post-42668","ntv_events","type-ntv_events","status-publish","has-post-thumbnail","hentry","ntv_event_cat-messe","ntv_organizer-messe-luzern-ag"],"acf":[],"_links":{"self":[{"href":"https:\/\/www.3dnatives.com\/de\/wp-json\/wp\/v2\/ntv_events\/42668","targetHints":{"allow":["GET"]}}],"collection":[{"href":"https:\/\/www.3dnatives.com\/de\/wp-json\/wp\/v2\/ntv_events"}],"about":[{"href":"https:\/\/www.3dnatives.com\/de\/wp-json\/wp\/v2\/types\/ntv_events"}],"wp:featuredmedia":[{"embeddable":true,"href":"https:\/\/www.3dnatives.com\/de\/wp-json\/wp\/v2\/media\/42669"}],"wp:attachment":[{"href":"https:\/\/www.3dnatives.com\/de\/wp-json\/wp\/v2\/media?parent=42668"}],"wp:term":[{"taxonomy":"ntv_event_cat","embeddable":true,"href":"https:\/\/www.3dnatives.com\/de\/wp-json\/wp\/v2\/ntv_event_cat?post=42668"},{"taxonomy":"ntv_organizer","embeddable":true,"href":"https:\/\/www.3dnatives.com\/de\/wp-json\/wp\/v2\/ntv_organizer?post=42668"}],"curies":[{"name":"wp","href":"https:\/\/api.w.org\/{rel}","templated":true}]}}